{"id":218,"date":"2025-11-12T16:09:00","date_gmt":"2025-11-12T15:09:00","guid":{"rendered":"https:\/\/infanciaconectada.es\/?page_id=218"},"modified":"2026-01-09T14:30:49","modified_gmt":"2026-01-09T13:30:49","slug":"quienes-somos","status":"publish","type":"page","link":"https:\/\/infanciaconectada.es\/en\/quienes-somos\/","title":{"rendered":"\u00bfQui\u00e9nes somos?"},"content":{"rendered":"<div data-elementor-type=\"wp-page\" data-elementor-id=\"218\" class=\"elementor elementor-218\" data-elementor-post-type=\"page\">\n\t\t\t\t<div class=\"elementor-element elementor-element-789e03b e-flex e-con-boxed e-con e-parent\" data-id=\"789e03b\" data-element_type=\"container\" data-settings=\"{&quot;background_background&quot;:&quot;classic&quot;}\">\n\t\t\t\t\t<div class=\"e-con-inner\">\n\t\t<div class=\"elementor-element elementor-element-90ae633 e-con-full e-flex e-con e-child\" data-id=\"90ae633\" data-element_type=\"container\">\n\t\t\t\t<div class=\"elementor-element elementor-element-fd6de22 animated-slow elementor-invisible elementor-widget elementor-widget-elementskit-heading\" data-id=\"fd6de22\" data-element_type=\"widget\" data-settings=\"{&quot;_animation&quot;:&quot;fadeInLeft&quot;}\" data-widget_type=\"elementskit-heading.default\">\n\t\t\t\t<div class=\"elementor-widget-container\">\n\t\t\t\t\t<div class=\"ekit-wid-con\" ><div class=\"ekit-heading elementskit-section-title-wraper text_left   ekit_heading_tablet-   ekit_heading_mobile-\"><h1 class=\"ekit-heading--title elementskit-section-title  ekit-heading__title-has-border start\">\u201cQui\u00e9n soy y qui\u00e9n es Infancia Conectada\u201d<\/h1><\/div><\/div>\t\t\t\t<\/div>\n\t\t\t\t<\/div>\n\t\t\t\t<div class=\"elementor-element elementor-element-8da521c elementor-widget elementor-widget-text-editor\" data-id=\"8da521c\" data-element_type=\"widget\" data-widget_type=\"text-editor.default\">\n\t\t\t\t<div class=\"elementor-widget-container\">\n\t\t\t\t\t\t\t\t\t<p><span style=\"font-weight: 400;\">\u201cEste proyecto naci\u00f3 de esas noches en las que me preguntaba c\u00f3mo acompa\u00f1ar mejor a mis hijos\u2026<\/span><span style=\"font-weight: 400;\"><br \/><\/span><span style=\"font-weight: 400;\"> con amor, con palabras que sanen, con herramientas que los fortalezcan desde adentro.\u201d<\/span><\/p>\t\t\t\t\t\t\t\t<\/div>\n\t\t\t\t<\/div>\n\t\t\t\t<\/div>\n\t\t\t\t\t<\/div>\n\t\t\t\t<\/div>\n\t\t\t\t<section class=\"elementor-section elementor-top-section elementor-element elementor-element-5e3cd31 elementor-section-content-middle elementor-section-boxed elementor-section-height-default elementor-section-height-default\" data-id=\"5e3cd31\" data-element_type=\"section\" data-settings=\"{&quot;background_background&quot;:&quot;gradient&quot;}\">\n\t\t\t\t\t\t\t<div class=\"elementor-background-overlay\"><\/div>\n\t\t\t\t\t\t\t<div class=\"elementor-container elementor-column-gap-default\">\n\t\t\t\t\t<div class=\"elementor-column elementor-col-50 elementor-top-column elementor-element elementor-element-4bf1153\" data-id=\"4bf1153\" data-element_type=\"column\" data-settings=\"{&quot;background_background&quot;:&quot;gradient&quot;}\">\n\t\t\t<div class=\"elementor-widget-wrap elementor-element-populated\">\n\t\t\t\t\t\t<div class=\"elementor-element elementor-element-05d44c2 animated-slow elementor-invisible elementor-widget elementor-widget-image\" data-id=\"05d44c2\" data-element_type=\"widget\" data-settings=\"{&quot;_animation&quot;:&quot;fadeInLeft&quot;}\" data-widget_type=\"image.default\">\n\t\t\t\t<div class=\"elementor-widget-container\">\n\t\t\t\t\t\t\t\t\t\t\t\t\t\t\t<img fetchpriority=\"high\" decoding=\"async\" width=\"868\" height=\"1024\" src=\"https:\/\/infanciaconectada.es\/wp-content\/uploads\/2025\/11\/Foto-Cele-quien-soy-868x1024.jpg\" class=\"attachment-large size-large wp-image-359\" alt=\"\" srcset=\"https:\/\/infanciaconectada.es\/wp-content\/uploads\/2025\/11\/Foto-Cele-quien-soy-868x1024.jpg 868w, https:\/\/infanciaconectada.es\/wp-content\/uploads\/2025\/11\/Foto-Cele-quien-soy-254x300.jpg 254w, https:\/\/infanciaconectada.es\/wp-content\/uploads\/2025\/11\/Foto-Cele-quien-soy-768x906.jpg 768w, https:\/\/infanciaconectada.es\/wp-content\/uploads\/2025\/11\/Foto-Cele-quien-soy-1302x1536.jpg 1302w, https:\/\/infanciaconectada.es\/wp-content\/uploads\/2025\/11\/Foto-Cele-quien-soy-1736x2048.jpg 1736w\" sizes=\"(max-width: 868px) 100vw, 868px\" title=\"\">\t\t\t\t\t\t\t\t\t\t\t\t\t\t\t<\/div>\n\t\t\t\t<\/div>\n\t\t\t\t\t<\/div>\n\t\t<\/div>\n\t\t\t\t<div class=\"elementor-column elementor-col-50 elementor-top-column elementor-element elementor-element-6595ae5\" data-id=\"6595ae5\" data-element_type=\"column\">\n\t\t\t<div class=\"elementor-widget-wrap elementor-element-populated\">\n\t\t\t\t\t\t<div class=\"elementor-element elementor-element-2e03649 elementor-widget elementor-widget-heading\" data-id=\"2e03649\" data-element_type=\"widget\" data-widget_type=\"heading.default\">\n\t\t\t\t<div class=\"elementor-widget-container\">\n\t\t\t\t\t<h2 class=\"elementor-heading-title elementor-size-default\">Mi historia<\/h2>\t\t\t\t<\/div>\n\t\t\t\t<\/div>\n\t\t\t\t<div class=\"elementor-element elementor-element-a1fb27d elementor-widget elementor-widget-text-editor\" data-id=\"a1fb27d\" data-element_type=\"widget\" data-widget_type=\"text-editor.default\">\n\t\t\t\t<div class=\"elementor-widget-container\">\n\t\t\t\t\t\t\t\t\t<p><span style=\"font-weight: 400;\">Hola, soy <\/span><b>Celeste<\/b><span style=\"font-weight: 400;\">, mam\u00e1 de <\/span><b>Luca y Siena<\/b><span style=\"font-weight: 400;\">, creadora de Infancia Conectada y una buscadora constante de formas amorosas de acompa\u00f1ar la infancia.<\/span><\/p><p><span style=\"font-weight: 400;\">Esta idea naci\u00f3 desde mi propia necesidad. Quer\u00eda cuentos, frases, juegos y rituales que ayudaran a mis hijos a <\/span><b>creer en ellos mismos<\/b><span style=\"font-weight: 400;\">, a <\/span><b>expresar lo que sienten<\/b><span style=\"font-weight: 400;\"> y a <\/span><b>confiar en su intuici\u00f3n<\/b><span style=\"font-weight: 400;\">.<\/span><\/p><p><span style=\"font-weight: 400;\">Sabemos que lo que te dicen de chico se convierte en esa voz que te habla de grande.<\/span><span style=\"font-weight: 400;\"><br \/><\/span><span style=\"font-weight: 400;\"> Y yo quer\u00eda dejarles frases que quedar\u00e1n marcadas en su coraz\u00f3n:<\/span><span style=\"font-weight: 400;\"><br \/><\/span><span style=\"font-weight: 400;\"> \u201cConf\u00eda en vos\u201d, \u201cLo que sent\u00eds importa\u201d, \u201cTu voz es valiosa\u201d, \u201cPod\u00e9s lograr todo lo que te propongas\u201d.<\/span><\/p><p><span style=\"font-weight: 400;\">Pero no quer\u00eda que solo las escucharan. Quer\u00eda que las vivieran. Que se volvieran parte de su mundo interior. Una voz interna fuerte, positiva y amorosa, que los acompa\u00f1e toda la vida.<\/span><\/p><p><span style=\"font-weight: 400;\">Busqu\u00e9 mucho, pero no encontraba lo que necesitaba. As\u00ed fue como decid\u00ed crear lo que me hubiera gustado encontrar: un espacio que combine herramientas emocionales, libros con prop\u00f3sito y propuestas conscientes para acompa\u00f1ar a las familias desde el amor.<\/span><\/p>\t\t\t\t\t\t\t\t<\/div>\n\t\t\t\t<\/div>\n\t\t\t\t\t<\/div>\n\t\t<\/div>\n\t\t\t\t\t<\/div>\n\t\t<\/section>\n\t\t\t\t<section class=\"elementor-section elementor-top-section elementor-element elementor-element-ac6cf64 elementor-section-content-middle elementor-section-boxed elementor-section-height-default elementor-section-height-default\" data-id=\"ac6cf64\" data-element_type=\"section\" data-settings=\"{&quot;background_background&quot;:&quot;gradient&quot;}\">\n\t\t\t\t\t\t\t<div class=\"elementor-background-overlay\"><\/div>\n\t\t\t\t\t\t\t<div class=\"elementor-container elementor-column-gap-default\">\n\t\t\t\t\t<div class=\"elementor-column elementor-col-100 elementor-top-column elementor-element elementor-element-0e37e79\" data-id=\"0e37e79\" data-element_type=\"column\">\n\t\t\t<div class=\"elementor-widget-wrap elementor-element-populated\">\n\t\t\t\t\t\t<div class=\"elementor-element elementor-element-7277f09 elementor-widget elementor-widget-heading\" data-id=\"7277f09\" data-element_type=\"widget\" data-widget_type=\"heading.default\">\n\t\t\t\t<div class=\"elementor-widget-container\">\n\t\t\t\t\t<h2 class=\"elementor-heading-title elementor-size-default\">Qu\u00e9 es Infancia Conectada<\/h2>\t\t\t\t<\/div>\n\t\t\t\t<\/div>\n\t\t\t\t<div class=\"elementor-element elementor-element-d3cd015 elementor-widget elementor-widget-text-editor\" data-id=\"d3cd015\" data-element_type=\"widget\" data-widget_type=\"text-editor.default\">\n\t\t\t\t<div class=\"elementor-widget-container\">\n\t\t\t\t\t\t\t\t\t<div style=\"font-family: 'Poppins',sans-serif; line-height: 1.8; font-size: 18px; color: #333;\"><p><span style=\"color: #333333;\">Infancia Conectada es m\u00e1s que una tienda o una editorial.<\/span><br \/><br \/><span style=\"color: #333333;\">Es un <b>espacio creado para acompa\u00f1ar a los ni\u00f1os en su crecimiento emocional, mental y espiritual.<\/b><\/span><\/p><p><span style=\"color: #333333;\">Dise\u00f1amos cuentos, actividades y recursos que cuidan la magia de la infancia y honran cada etapa como una oportunidad para crecer, descubrirse y fortalecerse.<\/span><\/p><p><span style=\"color: #333333;\">Trabajamos desde la mirada de la <b>crianza respetuosa<\/b>, la <b>educaci\u00f3n emocional<\/b> y una <b>espiritualidad suave<\/b>, esa que nutre desde la conexi\u00f3n interior, el v\u00ednculo con la naturaleza y la escucha profunda.<\/span><\/p><p><span style=\"color: #333333;\">Sabemos que en la infancia <b>todo deja huella<\/b>. Por eso, creemos en el poder de:<\/span><\/p><ul style=\"list-style: none; padding-left: 0;\"><li><span style=\"color: #333333;\">\ud83c\udf38 Las historias que ense\u00f1an<\/span><\/li><li><span style=\"color: #333333;\">\ud83c\udf1e Las palabras que sanan<\/span><\/li><li><span style=\"color: #333333;\">\ud83c\udf3f El juego como puente<\/span><\/li><li><span style=\"color: #333333;\">\ud83d\udc99 Los rituales que construyen identidad<\/span><\/li><li><span style=\"color: #333333;\">\ud83d\udc9c Y tambi\u00e9n el silencio, la gratitud y la intuici\u00f3n como parte del camino<\/span><\/li><\/ul><p><span style=\"color: #333333;\">Queremos que cada recurso sea <b>una herramienta emocional y espiritual para los ni\u00f1os<\/b>, y <b>un sost\u00e9n amoroso para quienes los gu\u00edan.<\/b><\/span><\/p><p><span style=\"color: #333333;\">Vivimos en un mundo acelerado, lleno de ruido y desconexi\u00f3n, donde los chicos muchas veces pierden contacto con lo esencial. Pero tambi\u00e9n creemos en <b>otro camino<\/b>: uno donde el v\u00ednculo, el respeto, la presencia y el sentido interior gu\u00eden la crianza.<\/span><\/p><p><span style=\"color: #333333;\"><b>Infancia Conectada<\/b> es nuestra forma de contribuir a ese camino.<\/span><\/p><h3 style=\"color: #531a77;\"><span style=\"color: #333333;\">Lo que so\u00f1amos para cada ni\u00f1o<\/span><\/h3><p><span style=\"color: #333333;\">So\u00f1amos con que cada ni\u00f1o pueda:<\/span><\/p><ul style=\"list-style: none; padding-left: 0;\"><li><span style=\"color: #333333;\">\ud83d\udc97 Sentirse amado tal como es<\/span><\/li><li><span style=\"color: #333333;\">\ud83d\udc9b Comprender y expresar lo que siente<\/span><\/li><li><span style=\"color: #333333;\">\ud83d\udc9a Confiar en su intuici\u00f3n y en su poder interior<\/span><\/li><li><span style=\"color: #333333;\">\ud83d\udc99 Vivir una infancia plena, con menos pantallas y m\u00e1s conexi\u00f3n real<\/span><\/li><li><span style=\"color: #333333;\">\ud83d\udc9c Mantener viva su luz, su esencia, su voz \u00fanica<\/span><\/li><\/ul><p><span style=\"color: #333333;\">Porque cuando criamos con <b>amor<\/b>, <b>consciencia<\/b> y <b>confianza<\/b>, ayudamos a escribir historias de vida m\u00e1s aut\u00e9nticas, m\u00e1s felices y m\u00e1s plenas.<\/span><\/p><\/div>\t\t\t\t\t\t\t\t<\/div>\n\t\t\t\t<\/div>\n\t\t\t\t<div class=\"elementor-element elementor-element-ac935bd elementor-align-center animated-slow elementor-invisible elementor-widget elementor-widget-button\" data-id=\"ac935bd\" data-element_type=\"widget\" data-settings=\"{&quot;_animation&quot;:&quot;fadeInLeft&quot;}\" data-widget_type=\"button.default\">\n\t\t\t\t<div class=\"elementor-widget-container\">\n\t\t\t\t\t\t\t\t\t<div class=\"elementor-button-wrapper\">\n\t\t\t\t\t<a class=\"elementor-button elementor-button-link elementor-size-sm\" href=\"https:\/\/infanciaconectada.es\/en\/libros\/\">\n\t\t\t\t\t\t<span class=\"elementor-button-content-wrapper\">\n\t\t\t\t\t\t\t\t\t<span class=\"elementor-button-text\">Explor\u00e1 nuestros libros y rituales  <\/span>\n\t\t\t\t\t<\/span>\n\t\t\t\t\t<\/a>\n\t\t\t\t<\/div>\n\t\t\t\t\t\t\t\t<\/div>\n\t\t\t\t<\/div>\n\t\t\t\t\t<\/div>\n\t\t<\/div>\n\t\t\t\t\t<\/div>\n\t\t<\/section>\n\t\t\t\t<\/div>","protected":false},"excerpt":{"rendered":"<p>\u201cQui\u00e9n soy y qui\u00e9n es Infancia Conectada\u201d \u201cEste proyecto naci\u00f3 de esas noches en las que me preguntaba c\u00f3mo acompa\u00f1ar mejor a mis hijos\u2026 con amor, con palabras que sanen, con herramientas que los fortalezcan desde adentro.\u201d Mi historia Hola, soy Celeste, mam\u00e1 de Luca y Siena, creadora de Infancia Conectada y una buscadora constante&#8230;<\/p>","protected":false},"author":2,"featured_media":0,"parent":0,"menu_order":0,"comment_status":"closed","ping_status":"closed","template":"","meta":{"_kad_post_transparent":"","_kad_post_title":"hide","_kad_post_layout":"fullwidth","_kad_post_sidebar_id":"","_kad_post_content_style":"unboxed","_kad_post_vertical_padding":"hide","_kad_post_feature":"hide","_kad_post_feature_position":"","_kad_post_header":false,"_kad_post_footer":false,"footnotes":""},"class_list":["post-218","page","type-page","status-publish","hentry"],"_links":{"self":[{"href":"https:\/\/infanciaconectada.es\/en\/wp-json\/wp\/v2\/pages\/218","targetHints":{"allow":["GET"]}}],"collection":[{"href":"https:\/\/infanciaconectada.es\/en\/wp-json\/wp\/v2\/pages"}],"about":[{"href":"https:\/\/infanciaconectada.es\/en\/wp-json\/wp\/v2\/types\/page"}],"author":[{"embeddable":true,"href":"https:\/\/infanciaconectada.es\/en\/wp-json\/wp\/v2\/users\/2"}],"replies":[{"embeddable":true,"href":"https:\/\/infanciaconectada.es\/en\/wp-json\/wp\/v2\/comments?post=218"}],"version-history":[{"count":46,"href":"https:\/\/infanciaconectada.es\/en\/wp-json\/wp\/v2\/pages\/218\/revisions"}],"predecessor-version":[{"id":567,"href":"https:\/\/infanciaconectada.es\/en\/wp-json\/wp\/v2\/pages\/218\/revisions\/567"}],"wp:attachment":[{"href":"https:\/\/infanciaconectada.es\/en\/wp-json\/wp\/v2\/media?parent=218"}],"curies":[{"name":"wp","href":"https:\/\/api.w.org\/{rel}","templated":true}]}}